{"id":43,"date":"2026-04-07T20:01:08","date_gmt":"2026-04-07T18:01:08","guid":{"rendered":"https:\/\/studiofranciosi.com\/?page_id=43"},"modified":"2026-09-01T18:24:05","modified_gmt":"2026-09-01T16:24:05","slug":"commercialista-bergantino","status":"publish","type":"page","link":"https:\/\/studiofranciosi.com\/index.php\/commercialista-bergantino\/","title":{"rendered":"Chi Siamo \u2013 Studio Franciosi, Commercialisti dal 1988"},"content":{"rendered":"\n<div class=\"wp-block-columns is-layout-flex wp-container-core-columns-is-layout-f56f613f wp-block-columns-is-layout-flex\">\n<div class=\"wp-block-column is-layout-flow wp-block-column-is-layout-flow\" style=\"flex-basis:70%\">\n<div class=\"wp-block-group wp-block-section service-sec alignfull is-layout-constrained wp-container-core-group-is-layout-3b238772 wp-block-group-is-layout-constrained\" style=\"padding-top:0px;padding-right:0px;padding-left:0px\">\n<div class=\"wp-block-group alignfull is-style-default has-background is-layout-flow wp-block-group-is-layout-flow\" style=\"background-color:#d1d9dd3b\">\n<div style=\"height:70px\" aria-hidden=\"true\" class=\"wp-block-spacer\"><\/div>\n\n\n\n<div class=\"wp-block-columns alignwide are-vertically-aligned-center is-layout-flex wp-container-core-columns-is-layout-f56f613f wp-block-columns-is-layout-flex\">\n<div class=\"wp-block-column is-layout-flow wp-block-column-is-layout-flow\" style=\"flex-basis:50%\">\n<p class=\"has-text-color wp-block-paragraph\" style=\"color:#000000;font-size:30px;line-height:1.1\"><strong>La nostra storia<\/strong><\/p>\n<\/div>\n\n\n\n<div class=\"wp-block-column is-layout-flow wp-block-column-is-layout-flow\" style=\"flex-basis:50%\">\n<hr class=\"wp-block-separator has-text-color has-css-opacity has-background is-style-wide\" style=\"background-color:#000000;color:#000000\"\/>\n<\/div>\n<\/div>\n\n\n\n<div class=\"wp-block-columns alignwide is-layout-flex wp-container-core-columns-is-layout-f56f613f wp-block-columns-is-layout-flex\">\n<div class=\"wp-block-column is-layout-flow wp-block-column-is-layout-flow\"><\/div>\n\n\n\n<div class=\"wp-block-column is-layout-flow wp-block-column-is-layout-flow\">\n<p class=\"has-text-color wp-block-paragraph\" style=\"color:#000000\">Lo studio viene fondato nel 1988 dal Dott. Alessandro Franciosi. Nasce con l\u2019obiettivo di offrire un punto di riferimento solido e competente per imprese, professionisti e famiglie imprenditoriali.&nbsp;<\/p>\n\n\n\n<p class=\"wp-block-paragraph\">Nel corso degli anni, l\u2019attivit\u00e0 si \u00e8 evoluta integrando competenze fiscali, giuridiche e aziendalistiche, cos\u00ec da garantire un\u2019assistenza completa e multidisciplinare in ogni fase della vita dell\u2019impresa e del patrimonio familiare.<\/p>\n\n\n\n<p class=\"wp-block-paragraph\">L\u2019approccio dello Studio si basa su una visione ampia e coordinata: l\u2019analisi contabile e fiscale dialoga costantemente con la consulenza societaria, la pianificazione patrimoniale e la gestione del rischio, permettendo di individuare soluzioni concrete, sostenibili e coerenti con gli obiettivi del Cliente.<\/p>\n<\/div>\n\n\n\n<div class=\"wp-block-column is-layout-flow wp-block-column-is-layout-flow\">\n<p class=\"has-text-color wp-block-paragraph\" style=\"color:#000000\">Accanto al fondatore opera un team di commercialisti, revisori legali e consulenti specializzati, che collaborano in modo integrato per affrontare con metodo e rigore le esigenze quotidiane e le sfide strategiche delle realt\u00e0 assistite.<\/p>\n\n\n\n<p class=\"wp-block-paragraph\">Lo Studio accompagna l\u2019imprenditore e la sua famiglia lungo tutto il percorso di crescita: dalla costituzione dell\u2019impresa alla sua evoluzione organizzativa, dalla gestione ordinaria alle operazioni straordinarie, fino alla tutela e trasmissione del patrimonio. Ogni intervento \u00e8 costruito su misura, con attenzione alla normativa vigente, alla sostenibilit\u00e0 economica e alla continuit\u00e0 aziendale.<\/p>\n\n\n\n<p class=\"has-text-color wp-block-paragraph\" style=\"color:#000000\">Da oltre trent\u2019anni, la missione dello Studio \u00e8 la stessa: offrire competenza, affidabilit\u00e0 e visione, mettendo al centro la persona e il valore del suo progetto imprenditoriale.<\/p>\n<\/div>\n<\/div>\n\n\n\n<div style=\"height:40px\" aria-hidden=\"true\" class=\"wp-block-spacer\"><\/div>\n<\/div>\n\n\n\n<p class=\"wp-block-paragraph\"><\/p>\n\n\n\n<h2 class=\"wp-block-heading has-text-align-center sec-main-heading wow bounceInDown\" style=\"margin-top:0;margin-bottom:0;font-size:32px;font-style:normal;font-weight:400\">Le principali attivit\u00e0 comprendono:<\/h2>\n<\/div>\n\n\n\n<div class=\"wp-block-group service-box wow zoomIn has-border-color has-foreground-border-color is-layout-flow wp-block-group-is-layout-flow\" style=\"border-style:dashed;border-width:1px;padding-top:var(--wp--preset--spacing--60);padding-right:var(--wp--preset--spacing--70);padding-bottom:var(--wp--preset--spacing--60);padding-left:var(--wp--preset--spacing--70)\">\n<h5 class=\"wp-block-heading has-text-align-center\" style=\"margin-top:var(--wp--preset--spacing--30);margin-bottom:var(--wp--preset--spacing--30);font-size:24px\">consulenza ed assistenza in diritto societario, tributario e contenzioso<\/h5>\n<\/div>\n\n\n\n<div class=\"wp-block-group service-box wow zoomIn has-border-color has-foreground-border-color is-layout-flow wp-block-group-is-layout-flow\" style=\"border-style:dashed;border-width:1px;padding-top:var(--wp--preset--spacing--60);padding-right:var(--wp--preset--spacing--70);padding-bottom:var(--wp--preset--spacing--60);padding-left:var(--wp--preset--spacing--70)\">\n<h5 class=\"wp-block-heading has-text-align-center\" style=\"margin-top:var(--wp--preset--spacing--30);margin-bottom:var(--wp--preset--spacing--30);font-size:24px\">Gestione della crisi d\u2019impresa e percorsi di risanamento<\/h5>\n<\/div>\n\n\n\n<div class=\"wp-block-group service-box wow zoomIn has-border-color has-foreground-border-color is-layout-flow wp-block-group-is-layout-flow\" style=\"border-style:dashed;border-width:1px;padding-top:var(--wp--preset--spacing--60);padding-right:var(--wp--preset--spacing--70);padding-bottom:var(--wp--preset--spacing--60);padding-left:var(--wp--preset--spacing--70)\">\n<h5 class=\"wp-block-heading has-text-align-center\" style=\"margin-top:var(--wp--preset--spacing--30);margin-bottom:var(--wp--preset--spacing--30);font-size:24px\">revisore legale e revisione della stabilit\u00e0, attivit\u00e0 di sindaco in societ\u00e0<\/h5>\n<\/div>\n\n\n\n<div class=\"wp-block-group wp-block-section service-sec alignfull is-layout-constrained wp-container-core-group-is-layout-3b238772 wp-block-group-is-layout-constrained\" style=\"padding-top:0px;padding-right:0px;padding-left:0px\">\n<div class=\"wp-block-columns is-layout-flex wp-container-core-columns-is-layout-f56f613f wp-block-columns-is-layout-flex\">\n<div class=\"wp-block-column is-layout-flow wp-block-column-is-layout-flow\">\n<div class=\"wp-block-group service-box wow zoomIn has-border-color has-foreground-border-color is-layout-flow wp-block-group-is-layout-flow\" style=\"border-style:dashed;border-width:1px;padding-top:var(--wp--preset--spacing--60);padding-right:var(--wp--preset--spacing--70);padding-bottom:var(--wp--preset--spacing--60);padding-left:var(--wp--preset--spacing--70)\">\n<h5 class=\"wp-block-heading has-text-align-center\" style=\"margin-top:var(--wp--preset--spacing--30);margin-bottom:var(--wp--preset--spacing--30);font-size:24px\">Tutela e pianificazione del patrimonio, anche tramite strumenti quali il trust, dichiarazioni di successione con relativi adempimenti, accordi di ristrutturazione del debito<\/h5>\n<\/div>\n<\/div>\n\n\n\n<div class=\"wp-block-column is-layout-flow wp-block-column-is-layout-flow\">\n<div class=\"wp-block-group service-box wow zoomIn has-border-color has-foreground-border-color is-layout-flow wp-block-group-is-layout-flow\" style=\"border-style:dashed;border-width:1px;padding-top:var(--wp--preset--spacing--60);padding-right:var(--wp--preset--spacing--70);padding-bottom:var(--wp--preset--spacing--60);padding-left:var(--wp--preset--spacing--70)\">\n<h5 class=\"wp-block-heading has-text-align-center\" style=\"margin-top:var(--wp--preset--spacing--30);margin-bottom:var(--wp--preset--spacing--30);font-size:24px\">diritto dell\u2019impresa e modelli organizzativi ex D.l.gs 231\/2001, diritto societario, diritto commerciale<\/h5>\n<\/div>\n<\/div>\n<\/div>\n\n\n\n<div class=\"wp-block-columns is-layout-flex wp-container-core-columns-is-layout-f56f613f wp-block-columns-is-layout-flex\">\n<div class=\"wp-block-column is-layout-flow wp-block-column-is-layout-flow\">\n<div class=\"wp-block-group wp-block-section service-sec alignfull is-layout-constrained wp-container-core-group-is-layout-3b238772 wp-block-group-is-layout-constrained\" style=\"padding-top:0px;padding-right:0px;padding-left:0px\">\n<h2 class=\"wp-block-heading has-text-align-center sec-main-heading wow bounceInDown\" style=\"margin-top:0;margin-bottom:0;font-size:32px;font-style:normal;font-weight:400\">LA nostra missione<\/h2>\n\n\n\n<p class=\"has-text-align-center has-heading-color has-text-color has-link-color wp-elements-1 wp-block-paragraph\" style=\"margin-top:0;margin-bottom:0;font-size:14px\">Lo studio svolge tutte le attivit\u00e0 tipiche dell\u2019assistenza fiscale del commercialista e del revisore legale, con servizi dedicati a:<\/p>\n\n\n\n<div class=\"wp-block-columns service-cols is-layout-flex wp-container-core-columns-is-layout-f56f613f wp-block-columns-is-layout-flex\">\n<div class=\"wp-block-column is-layout-flow wp-block-column-is-layout-flow\">\n<div class=\"wp-block-group service-box wow zoomIn has-border-color has-foreground-border-color is-layout-flow wp-block-group-is-layout-flow\" style=\"border-style:dashed;border-width:1px;padding-top:var(--wp--preset--spacing--60);padding-right:var(--wp--preset--spacing--70);padding-bottom:var(--wp--preset--spacing--60);padding-left:var(--wp--preset--spacing--70)\">\n<h5 class=\"wp-block-heading has-text-align-center\" style=\"margin-top:var(--wp--preset--spacing--30);margin-bottom:var(--wp--preset--spacing--30);font-size:24px\">sostenibilit\u00e0 e responsabilit\u00e0 dell\u2019impresa<\/h5>\n<\/div>\n<\/div>\n<\/div>\n\n\n\n<div class=\"wp-block-group service-box wow zoomIn has-border-color has-foreground-border-color is-layout-flow wp-block-group-is-layout-flow\" style=\"border-style:dashed;border-width:1px;padding-top:var(--wp--preset--spacing--60);padding-right:var(--wp--preset--spacing--70);padding-bottom:var(--wp--preset--spacing--60);padding-left:var(--wp--preset--spacing--70)\">\n<h5 class=\"wp-block-heading has-text-align-center\" style=\"margin-top:var(--wp--preset--spacing--30);margin-bottom:var(--wp--preset--spacing--30);font-size:24px\">pianificazione e gestione del passaggio generazionale nelle imprese di familia<\/h5>\n<\/div>\n\n\n\n<div class=\"wp-block-group service-box wow zoomIn has-border-color has-foreground-border-color is-layout-flow wp-block-group-is-layout-flow\" style=\"border-style:dashed;border-width:1px;padding-top:var(--wp--preset--spacing--60);padding-right:var(--wp--preset--spacing--70);padding-bottom:var(--wp--preset--spacing--60);padding-left:var(--wp--preset--spacing--70)\">\n<h5 class=\"wp-block-heading has-text-align-center\" style=\"margin-top:var(--wp--preset--spacing--30);margin-bottom:var(--wp--preset--spacing--30);font-size:24px\">O.D.V.<\/h5>\n<\/div>\n\n\n\n<div class=\"wp-block-group service-box wow zoomIn has-border-color has-foreground-border-color is-layout-flow wp-block-group-is-layout-flow\" style=\"border-style:dashed;border-width:1px;padding-top:var(--wp--preset--spacing--60);padding-right:var(--wp--preset--spacing--70);padding-bottom:var(--wp--preset--spacing--60);padding-left:var(--wp--preset--spacing--70)\">\n<h5 class=\"wp-block-heading has-text-align-center\" style=\"margin-top:var(--wp--preset--spacing--30);margin-bottom:var(--wp--preset--spacing--30);font-size:24px\">valutazione dell\u2019azienda e delle partecipazioni sociali<\/h5>\n<\/div>\n\n\n\n<div class=\"wp-block-group service-box wow zoomIn has-border-color has-foreground-border-color is-layout-flow wp-block-group-is-layout-flow\" style=\"border-style:dashed;border-width:1px;padding-top:var(--wp--preset--spacing--60);padding-right:var(--wp--preset--spacing--70);padding-bottom:var(--wp--preset--spacing--60);padding-left:var(--wp--preset--spacing--70)\">\n<h5 class=\"wp-block-heading has-text-align-center\" style=\"margin-top:var(--wp--preset--spacing--30);margin-bottom:var(--wp--preset--spacing--30);font-size:24px\">operazione straordinarie<\/h5>\n<\/div>\n<\/div>\n<\/div>\n<\/div>\n<\/div>\n<\/div>\n\n\n\n<div class=\"wp-block-column is-layout-flow wp-block-column-is-layout-flow\" style=\"flex-basis:30%\"><div class=\"wp-block-template-part\">\n<div class=\"wp-block-group wp-block-widget-area wp-block-sidebar is-layout-flow wp-block-group-is-layout-flow\">\n<div class=\"wp-block-group wow zoomIn has-tertiary-bg-color-background-color has-background is-layout-constrained wp-container-core-group-is-layout-97f1a19a wp-block-group-is-layout-constrained\" style=\"border-bottom-color:var(--wp--preset--color--primary);border-bottom-width:6px;padding-top:var(--wp--preset--spacing--30);padding-right:var(--wp--preset--spacing--30);padding-bottom:var(--wp--preset--spacing--40);padding-left:var(--wp--preset--spacing--30)\">\n<h2 class=\"wp-block-heading has-text-align-center\" style=\"margin-top:0px;margin-right:0px;margin-bottom:0px;margin-left:0px;padding-top:0;padding-right:0;padding-bottom:0;padding-left:0\">Cerca<\/h2>\n\n\n<form role=\"search\" method=\"get\" action=\"https:\/\/studiofranciosi.com\/\" class=\"wp-block-search__button-outside wp-block-search__text-button wp-block-search\" ><label class=\"wp-block-search__label screen-reader-text\" for=\"wp-block-search__input-1\" >Cerca<\/label><div class=\"wp-block-search__inside-wrapper\"  style=\"width: 100%\"><input class=\"wp-block-search__input\" id=\"wp-block-search__input-1\" placeholder=\"\" value=\"\" type=\"search\" name=\"s\" required \/><button aria-label=\"Search\" class=\"wp-block-search__button wp-element-button\" type=\"submit\" >Search<\/button><\/div><\/form><\/div>\n\n\n\n<div class=\"wp-block-group wp-block-widget wow zoomIn has-tertiary-bg-color-background-color has-background is-layout-flow wp-block-group-is-layout-flow\" style=\"border-bottom-color:var(--wp--preset--color--primary);border-bottom-width:6px;padding-top:var(--wp--preset--spacing--30);padding-right:var(--wp--preset--spacing--30);padding-bottom:var(--wp--preset--spacing--40);padding-left:var(--wp--preset--spacing--30)\">\n<h2 class=\"wp-block-heading has-text-align-center\" id=\"about\" style=\"margin-top:0;margin-right:0;margin-bottom:0;margin-left:0;padding-top:0;padding-bottom:0\">Orari di Apertura<\/h2>\n\n\n\n<div class=\"wp-block-columns is-layout-flex wp-container-core-columns-is-layout-f56f613f wp-block-columns-is-layout-flex\">\n<div class=\"wp-block-column is-vertically-aligned-top is-layout-flow wp-block-column-is-layout-flow\">\n<p class=\"has-text-align-center wp-block-paragraph\">dal Luned\u00ec al Venerd\u00ec: 9:30-12:00 15:30-19:00<\/p>\n\n\n\n<p class=\"has-text-align-center wp-block-paragraph\">Sabato e Domenica: Chiuso<\/p>\n<\/div>\n<\/div>\n<\/div>\n\n\n\n<div class=\"wp-block-group wow zoomIn has-tertiary-bg-color-background-color has-background is-layout-constrained wp-container-core-group-is-layout-97f1a19a wp-block-group-is-layout-constrained\" style=\"border-bottom-color:var(--wp--preset--color--primary);border-bottom-width:6px;padding-top:var(--wp--preset--spacing--30);padding-right:var(--wp--preset--spacing--30);padding-bottom:var(--wp--preset--spacing--40);padding-left:var(--wp--preset--spacing--30)\">\n<h2 class=\"wp-block-heading has-text-align-center\" id=\"about\" style=\"margin-top:0px;margin-right:0px;margin-bottom:20px;margin-left:0px\">Contatti<\/h2>\n\n\n\n<p class=\"has-text-align-center wp-block-paragraph\"><strong>Tel<\/strong>. 0425 87054<\/p>\n\n\n\n<p class=\"has-text-align-center wp-block-paragraph\"><strong>Fax<\/strong>. 0425 805320<\/p>\n\n\n\n<p class=\"has-text-align-center wp-block-paragraph\"><strong>Contatti e-Mail:<\/strong><\/p>\n\n\n\n<p class=\"has-text-align-center wp-block-paragraph\">alessandro@studiofranciosi.com<\/p>\n\n\n\n<p class=\"has-text-align-center wp-block-paragraph\">monica@studiofranciosi.com<\/p>\n\n\n\n<p class=\"has-text-align-center wp-block-paragraph\">sonia@studiofranciosi.com<\/p>\n\n\n\n<p class=\"has-text-align-center wp-block-paragraph\"><strong>PEC<\/strong><\/p>\n\n\n\n<p class=\"has-text-align-center wp-block-paragraph\">studiofranciosi@legalmail.it<\/p>\n<\/div>\n\n\n\n<div class=\"wp-block-group wp-block-widget wow zoomIn has-tertiary-bg-color-background-color has-background is-layout-flow wp-block-group-is-layout-flow\" style=\"border-bottom-color:var(--wp--preset--color--primary);border-bottom-width:6px;padding-top:var(--wp--preset--spacing--30);padding-right:var(--wp--preset--spacing--30);padding-bottom:var(--wp--preset--spacing--40);padding-left:var(--wp--preset--spacing--30)\">\n<h2 class=\"wp-block-heading has-text-align-center\" id=\"categories\" style=\"margin-top:0px;margin-right:0px;margin-bottom:20px;margin-left:0px\">Categorie<\/h2>\n\n\n<ul class=\"wp-block-categories-list wp-block-categories-taxonomy-category wp-block-categories\"><li class=\"cat-item-none\">Nessuna categoria<\/li><\/ul><\/div>\n\n\n\n<div class=\"wp-block-group wp-block-widget wow zoomIn has-tertiary-bg-color-background-color has-background is-layout-flow wp-block-group-is-layout-flow\" style=\"border-bottom-color:var(--wp--preset--color--primary);border-bottom-width:6px;padding-top:var(--wp--preset--spacing--30);padding-right:var(--wp--preset--spacing--30);padding-bottom:var(--wp--preset--spacing--40);padding-left:var(--wp--preset--spacing--30)\">\n<h2 class=\"wp-block-heading has-text-align-center\" id=\"recent-post\" style=\"margin-top:0px;margin-right:0px;margin-bottom:20px;margin-left:0px\">News Recenti<\/h2>\n\n\n<ul class=\"wp-block-latest-posts__list has-dates wp-block-latest-posts is-layout-flow wp-block-latest-posts-is-layout-flow\"><\/ul><\/div>\n\n\n\n<div class=\"wp-block-group wp-block-widget wow zoomIn has-tertiary-bg-color-background-color has-background is-layout-flow wp-block-group-is-layout-flow\" style=\"border-bottom-color:var(--wp--preset--color--primary);border-bottom-width:6px;padding-top:var(--wp--preset--spacing--30);padding-right:var(--wp--preset--spacing--30);padding-bottom:var(--wp--preset--spacing--40);padding-left:var(--wp--preset--spacing--30)\">\n<h2 class=\"wp-block-heading has-text-align-center\" id=\"tags\" style=\"margin-top:0px;margin-right:0px;margin-bottom:20px;margin-left:0px\">Archivio<\/h2>\n\n\n<div class=\"wp-block-archives-list wp-block-archives\">Nessun archivio da mostrare.<\/div><\/div>\n<\/div>\n\n\n\n<div style=\"height:32px\" aria-hidden=\"true\" class=\"wp-block-spacer\"><\/div>\n<\/div><\/div>\n<\/div>\n","protected":false},"excerpt":{"rendered":"<p>La nostra storia Lo studio viene fondato nel 1988 dal Dott. Alessandro Franciosi. Nasce con l\u2019obiettivo di offrire un punto di riferimento solido e competente per imprese, professionisti e famiglie imprenditoriali.&nbsp; Nel corso degli anni, l\u2019attivit\u00e0 si \u00e8 evoluta integrando competenze fiscali, giuridiche e aziendalistiche, cos\u00ec da garantire un\u2019assistenza completa e multidisciplinare in ogni fase [&hellip;]<\/p>\n","protected":false},"author":1,"featured_media":0,"parent":0,"menu_order":0,"comment_status":"closed","ping_status":"closed","template":"","meta":{"om_disable_all_campaigns":false,"_monsterinsights_skip_tracking":false,"_uf_show_specific_survey":0,"_uf_disable_surveys":false,"footnotes":""},"class_list":["post-43","page","type-page","status-publish","hentry"],"aioseo_notices":[],"aioseo_head":"\n\t\t<!-- All in One SEO 5.0.1.1 - aioseo.com -->\n\t<meta name=\"description\" content=\"Commercialista Bergantino dal 1988. Offriamo consulenza fiscale, contabile e societaria con un team di commercialisti e revisori legali altamente specializzati.\" \/>\n\t<meta name=\"robots\" content=\"max-image-preview:large\" \/>\n\t<meta name=\"google-site-verification\" content=\"Evg5KAdib8w68EbcKSOlrGG0Z2yqlIGoiWHvTk3R3QM\" \/>\n\t<link rel=\"canonical\" href=\"https:\/\/studiofranciosi.com\/index.php\/commercialista-bergantino\/\" \/>\n\t<meta name=\"generator\" content=\"All in One SEO (AIOSEO) 5.0.1.1\" \/>\n\t\t<meta property=\"og:locale\" content=\"it_IT\" \/>\n\t\t<meta property=\"og:site_name\" content=\"Studio Franciosi - Commercialisti e Revisori Legali in Bergantino\" \/>\n\t\t<meta property=\"og:type\" content=\"article\" \/>\n\t\t<meta property=\"og:title\" content=\"Commercialista Bergantino dal 1988 | Studio Franciosi\" \/>\n\t\t<meta property=\"og:description\" content=\"Commercialista Bergantino dal 1988. Offriamo consulenza fiscale, contabile e societaria con un team di commercialisti e revisori legali altamente specializzati.\" \/>\n\t\t<meta property=\"og:url\" content=\"https:\/\/studiofranciosi.com\/index.php\/commercialista-bergantino\/\" \/>\n\t\t<meta property=\"article:published_time\" content=\"2026-04-07T18:01:08+00:00\" \/>\n\t\t<meta property=\"article:modified_time\" content=\"2026-09-01T16:24:05+00:00\" \/>\n\t\t<meta name=\"twitter:card\" content=\"summary_large_image\" \/>\n\t\t<meta name=\"twitter:title\" content=\"Commercialista Bergantino dal 1988 | Studio Franciosi\" \/>\n\t\t<meta name=\"twitter:description\" content=\"Commercialista Bergantino dal 1988. Offriamo consulenza fiscale, contabile e societaria con un team di commercialisti e revisori legali altamente specializzati.\" \/>\n\t\t<script type=\"application\/ld+json\" class=\"aioseo-schema\">\n\t\t\t{\"@context\":\"https:\\\/\\\/schema.org\",\"@graph\":[{\"@type\":\"BreadcrumbList\",\"@id\":\"https:\\\/\\\/studiofranciosi.com\\\/index.php\\\/commercialista-bergantino\\\/#breadcrumblist\",\"itemListElement\":[{\"@type\":\"ListItem\",\"@id\":\"https:\\\/\\\/studiofranciosi.com#listItem\",\"position\":1,\"name\":\"Home\",\"item\":\"https:\\\/\\\/studiofranciosi.com\",\"nextItem\":{\"@type\":\"ListItem\",\"@id\":\"https:\\\/\\\/studiofranciosi.com\\\/index.php\\\/commercialista-bergantino\\\/#listItem\",\"name\":\"Chi Siamo \\u2013 Studio Franciosi, Commercialisti dal 1988\"}},{\"@type\":\"ListItem\",\"@id\":\"https:\\\/\\\/studiofranciosi.com\\\/index.php\\\/commercialista-bergantino\\\/#listItem\",\"position\":2,\"name\":\"Chi Siamo \\u2013 Studio Franciosi, Commercialisti dal 1988\",\"previousItem\":{\"@type\":\"ListItem\",\"@id\":\"https:\\\/\\\/studiofranciosi.com#listItem\",\"name\":\"Home\"}}]},{\"@type\":\"Organization\",\"@id\":\"https:\\\/\\\/studiofranciosi.com\\\/#organization\",\"name\":\"Studio Franciosi\",\"description\":\"Commercialisti e Revisori Legali in Bergantino\",\"url\":\"https:\\\/\\\/studiofranciosi.com\\\/\",\"email\":\"alesandro@studiofranciosi.com\",\"telephone\":\"+39042587054\",\"foundingDate\":\"1988-01-01\",\"numberOfEmployees\":{\"@type\":\"QuantitativeValue\",\"value\":3},\"logo\":{\"@type\":\"ImageObject\",\"url\":\"https:\\\/\\\/studiofranciosi.com\\\/wp-content\\\/uploads\\\/2026\\\/04\\\/Copilot_20260407_192605-edited.png\",\"@id\":\"https:\\\/\\\/studiofranciosi.com\\\/index.php\\\/commercialista-bergantino\\\/#organizationLogo\",\"width\":534,\"height\":534},\"image\":{\"@id\":\"https:\\\/\\\/studiofranciosi.com\\\/index.php\\\/commercialista-bergantino\\\/#organizationLogo\"}},{\"@type\":\"WebPage\",\"@id\":\"https:\\\/\\\/studiofranciosi.com\\\/index.php\\\/commercialista-bergantino\\\/#webpage\",\"url\":\"https:\\\/\\\/studiofranciosi.com\\\/index.php\\\/commercialista-bergantino\\\/\",\"name\":\"Commercialista Bergantino dal 1988 | Studio Franciosi\",\"description\":\"Commercialista Bergantino dal 1988. Offriamo consulenza fiscale, contabile e societaria con un team di commercialisti e revisori legali altamente specializzati.\",\"inLanguage\":\"it-IT\",\"isPartOf\":{\"@id\":\"https:\\\/\\\/studiofranciosi.com\\\/#website\"},\"breadcrumb\":{\"@id\":\"https:\\\/\\\/studiofranciosi.com\\\/index.php\\\/commercialista-bergantino\\\/#breadcrumblist\"},\"datePublished\":\"2026-04-07T20:01:08+02:00\",\"dateModified\":\"2026-09-01T18:24:05+02:00\"},{\"@type\":\"WebSite\",\"@id\":\"https:\\\/\\\/studiofranciosi.com\\\/#website\",\"url\":\"https:\\\/\\\/studiofranciosi.com\\\/\",\"name\":\"Studio Franciosi\",\"alternateName\":\"Commercialista in Veneto\",\"description\":\"Commercialisti e Revisori Legali in Bergantino\",\"inLanguage\":\"it-IT\",\"publisher\":{\"@id\":\"https:\\\/\\\/studiofranciosi.com\\\/#organization\"}}]}\n\t\t<\/script>\n\t\t<!-- All in One SEO -->\n\n","aioseo_head_json":{"title":"Commercialista Bergantino dal 1988 | Studio Franciosi","description":"Commercialista Bergantino dal 1988. Offriamo consulenza fiscale, contabile e societaria con un team di commercialisti e revisori legali altamente specializzati.","canonical_url":"https:\/\/studiofranciosi.com\/index.php\/commercialista-bergantino\/","robots":"max-image-preview:large","keywords":"","webmasterTools":{"google-site-verification":"Evg5KAdib8w68EbcKSOlrGG0Z2yqlIGoiWHvTk3R3QM","miscellaneous":""},"schema":{"@context":"https:\/\/schema.org","@graph":[{"@type":"BreadcrumbList","@id":"https:\/\/studiofranciosi.com\/index.php\/commercialista-bergantino\/#breadcrumblist","itemListElement":[{"@type":"ListItem","@id":"https:\/\/studiofranciosi.com#listItem","position":1,"name":"Home","item":"https:\/\/studiofranciosi.com","nextItem":{"@type":"ListItem","@id":"https:\/\/studiofranciosi.com\/index.php\/commercialista-bergantino\/#listItem","name":"Chi Siamo \u2013 Studio Franciosi, Commercialisti dal 1988"}},{"@type":"ListItem","@id":"https:\/\/studiofranciosi.com\/index.php\/commercialista-bergantino\/#listItem","position":2,"name":"Chi Siamo \u2013 Studio Franciosi, Commercialisti dal 1988","previousItem":{"@type":"ListItem","@id":"https:\/\/studiofranciosi.com#listItem","name":"Home"}}]},{"@type":"Organization","@id":"https:\/\/studiofranciosi.com\/#organization","name":"Studio Franciosi","description":"Commercialisti e Revisori Legali in Bergantino","url":"https:\/\/studiofranciosi.com\/","email":"alesandro@studiofranciosi.com","telephone":"+39042587054","foundingDate":"1988-01-01","numberOfEmployees":{"@type":"QuantitativeValue","value":3},"logo":{"@type":"ImageObject","url":"https:\/\/studiofranciosi.com\/wp-content\/uploads\/2026\/04\/Copilot_20260407_192605-edited.png","@id":"https:\/\/studiofranciosi.com\/index.php\/commercialista-bergantino\/#organizationLogo","width":534,"height":534},"image":{"@id":"https:\/\/studiofranciosi.com\/index.php\/commercialista-bergantino\/#organizationLogo"}},{"@type":"WebPage","@id":"https:\/\/studiofranciosi.com\/index.php\/commercialista-bergantino\/#webpage","url":"https:\/\/studiofranciosi.com\/index.php\/commercialista-bergantino\/","name":"Commercialista Bergantino dal 1988 | Studio Franciosi","description":"Commercialista Bergantino dal 1988. Offriamo consulenza fiscale, contabile e societaria con un team di commercialisti e revisori legali altamente specializzati.","inLanguage":"it-IT","isPartOf":{"@id":"https:\/\/studiofranciosi.com\/#website"},"breadcrumb":{"@id":"https:\/\/studiofranciosi.com\/index.php\/commercialista-bergantino\/#breadcrumblist"},"datePublished":"2026-04-07T20:01:08+02:00","dateModified":"2026-09-01T18:24:05+02:00"},{"@type":"WebSite","@id":"https:\/\/studiofranciosi.com\/#website","url":"https:\/\/studiofranciosi.com\/","name":"Studio Franciosi","alternateName":"Commercialista in Veneto","description":"Commercialisti e Revisori Legali in Bergantino","inLanguage":"it-IT","publisher":{"@id":"https:\/\/studiofranciosi.com\/#organization"}}]},"og:locale":"it_IT","og:site_name":"Studio Franciosi - Commercialisti e Revisori Legali in Bergantino","og:type":"article","og:title":"Commercialista Bergantino dal 1988 | Studio Franciosi","og:description":"Commercialista Bergantino dal 1988. Offriamo consulenza fiscale, contabile e societaria con un team di commercialisti e revisori legali altamente specializzati.","og:url":"https:\/\/studiofranciosi.com\/index.php\/commercialista-bergantino\/","article:published_time":"2026-04-07T18:01:08+00:00","article:modified_time":"2026-09-01T16:24:05+00:00","twitter:card":"summary_large_image","twitter:title":"Commercialista Bergantino dal 1988 | Studio Franciosi","twitter:description":"Commercialista Bergantino dal 1988. Offriamo consulenza fiscale, contabile e societaria con un team di commercialisti e revisori legali altamente specializzati."},"aioseo_meta_data":{"post_id":"43","title":"Commercialista Bergantino dal 1988 | Studio Franciosi","description":"Commercialista Bergantino dal 1988. Offriamo consulenza fiscale, contabile e societaria con un team di commercialisti e revisori legali altamente specializzati.","keywords":null,"keyphrases":{"focus":{"keyphrase":"Commercialista Bergantino","score":69},"additional":[]},"primary_term":null,"canonical_url":null,"og_title":null,"og_description":null,"og_object_type":"default","og_image_type":"default","og_image_url":null,"og_image_width":null,"og_image_height":null,"og_image_custom_url":null,"og_image_custom_fields":null,"og_video":"","og_custom_url":null,"og_article_section":null,"og_article_tags":null,"twitter_use_og":false,"twitter_card":"default","twitter_image_type":"default","twitter_image_url":null,"twitter_image_custom_url":null,"twitter_image_custom_fields":null,"twitter_title":null,"twitter_description":null,"schema":{"blockGraphs":[],"customGraphs":[],"default":{"data":{"Article":[],"Course":[],"Dataset":[],"FAQPage":[],"Movie":[],"Person":[],"Product":[],"ProductReview":[],"Car":[],"Recipe":[],"Service":[],"SoftwareApplication":[],"WebPage":[]},"graphName":"WebPage","isEnabled":true},"graphs":[]},"schema_type":"default","schema_type_options":null,"pillar_content":false,"robots_default":true,"robots_noindex":false,"robots_noarchive":false,"robots_nosnippet":false,"robots_nofollow":false,"robots_noimageindex":false,"robots_noodp":false,"robots_notranslate":false,"robots_max_snippet":"-1","robots_max_videopreview":"-1","robots_max_imagepreview":"large","priority":null,"frequency":"default","local_seo":null,"breadcrumb_settings":null,"limit_modified_date":false,"ai":{"faqs":[],"keyPoints":[],"schemas":[],"titles":[],"descriptions":[],"socialPosts":{"email":{"subject":"","preview":"","content":""},"linkedin":[],"twitter":[],"facebook":[],"instagram":[]}},"created":"2026-04-09 15:47:00","updated":"2026-09-01 16:24:05","seo_analyzer_scan_date":null,"focus_keyword":"Commercialista Bergantino","additional_keywords":null,"truseo_locale":null},"aioseo_breadcrumb":"<div class=\"aioseo-breadcrumbs\"><span class=\"aioseo-breadcrumb\">\n\t\t\t<a href=\"https:\/\/studiofranciosi.com\" title=\"Home\">Home<\/a>\n\t\t<\/span><span class=\"aioseo-breadcrumb-separator\">&raquo;<\/span><span class=\"aioseo-breadcrumb\">\n\t\t\tChi Siamo \u2013 Studio Franciosi, Commercialisti dal 1988\n\t\t<\/span><\/div>","aioseo_breadcrumb_json":[{"label":"Home","link":"https:\/\/studiofranciosi.com"},{"label":"Chi Siamo \u2013 Studio Franciosi, Commercialisti dal 1988","link":"https:\/\/studiofranciosi.com\/index.php\/commercialista-bergantino\/"}],"_links":{"self":[{"href":"https:\/\/studiofranciosi.com\/index.php\/wp-json\/wp\/v2\/pages\/43","targetHints":{"allow":["GET"]}}],"collection":[{"href":"https:\/\/studiofranciosi.com\/index.php\/wp-json\/wp\/v2\/pages"}],"about":[{"href":"https:\/\/studiofranciosi.com\/index.php\/wp-json\/wp\/v2\/types\/page"}],"author":[{"embeddable":true,"href":"https:\/\/studiofranciosi.com\/index.php\/wp-json\/wp\/v2\/users\/1"}],"replies":[{"embeddable":true,"href":"https:\/\/studiofranciosi.com\/index.php\/wp-json\/wp\/v2\/comments?post=43"}],"version-history":[{"count":19,"href":"https:\/\/studiofranciosi.com\/index.php\/wp-json\/wp\/v2\/pages\/43\/revisions"}],"predecessor-version":[{"id":238,"href":"https:\/\/studiofranciosi.com\/index.php\/wp-json\/wp\/v2\/pages\/43\/revisions\/238"}],"wp:attachment":[{"href":"https:\/\/studiofranciosi.com\/index.php\/wp-json\/wp\/v2\/media?parent=43"}],"curies":[{"name":"wp","href":"https:\/\/api.w.org\/{rel}","templated":true}]}}